{"id":11,"date":"2021-08-18T19:55:58","date_gmt":"2021-08-18T17:55:58","guid":{"rendered":"http:\/\/prz187.openworld24.pl\/?page_id=11"},"modified":"2021-09-16T06:32:46","modified_gmt":"2021-09-16T04:32:46","slug":"o-przedszkolu","status":"publish","type":"page","link":"https:\/\/ple187.poznan.pl\/index.php\/o-przedszkolu\/","title":{"rendered":"O przedszkolu"},"content":{"rendered":"\n<p class=\"has-medium-font-size\"><strong>Od pierwszego wrze\u015bnia 2012 roku Szko\u0142a Podstawowa nr 35 im. W\u0142adys\u0142awa \u0141okietka<br>i Przedszkole nr 187 Le\u015bny Zak\u0105tek funkcjonuj\u0105 w ramach Zespo\u0142u Szkolno-Przedszkolnego nr 1.<\/strong><\/p>\n\n\n\n<p>Dzi\u0119ki tej formule prowadzi si\u0119 u naszaj\u0119cia integracyjne dla dzieci ze szko\u0142y i przedszkola, dzi\u0119ki kt\u00f3rym nast\u0119puje \u0142agodzenie stresu w pokonywaniu progu szkolnego u dziecka 5 i 6-letniego.<\/p>\n\n\n\n<p>Prowadzimy zaj\u0119cia otwarte w klasach pierwszych dla grup \u201eO\u201d z przedszkola, organizujemy wsp\u00f3lne konkursy, zabawy, uroczysto\u015bci, przedstawienia, wizyty dzieci z przedszkola w \u015bwietlicy szkolnej<br>i bibliotece.<\/p>\n\n\n\n<p>Wysoko wykwalifikowana kadra pedagogiczna dba o wysoki poziom nauczania, wychowania<br>i opieki. Dzieci z przedszkola i uczniowie korzystaj\u0105 z kilku sal gimnastycznych (efektem tego jest wiele osi\u0105gni\u0119\u0107 sportowych), dw\u00f3ch pracowni komputerowych, zinformatyzowanej biblioteki szkolnej<br>z bogatym ksi\u0119gozbiorem.&nbsp;Nauka odbywa si\u0119 w nowocze\u015bnie wyposa\u017conych salach lekcyjnych posiadaj\u0105cych tablice interaktywne i ekrany multimedialne. Wszystkie sale w przedszkolu i w szkole wyposa\u017cone s\u0105 w internet i komputer.<\/p>\n\n\n\n<p>Nasi uczniowie s\u0105 laureatami i finalistami konkurs\u00f3w i olimpiad przedmiotowych, zawod\u00f3w sportowych i wielu innych konkurs\u00f3w og\u00f3lnopolskich i miejskich zdobywaj\u0105c dla siebie i zespo\u0142u cenne nagrody.<\/p>\n\n\n\n<p>Co roku przyznajemy nagrody \u0141OKIETKA dla uczni\u00f3w wyr\u00f3\u017cniaj\u0105cych si\u0119 swoj\u0105 pasj\u0105 lub postaw\u0105 spo\u0142eczn\u0105.<\/p>\n\n\n\n<p>W klasach sportowych \u2013 koszykarskich dbamy o rozw\u00f3j fizyczny naszych uczni\u00f3w.<\/p>\n\n\n\n<p><strong>Zapewniamy dzieciom szereg dodatkowych, bezp\u0142atnych zaj\u0119\u0107 w zakresie:<\/strong><\/p>\n\n\n\n<ol type=\"1\"><li><strong>Wspomagania rozwoju&nbsp;<\/strong>\u2013 logopedia, zaj\u0119cia korekcyjno-kompensacyjne, zaj\u0119cia rozwijaj\u0105ce umiej\u0119tno\u015bci spo\u0142eczne, zaj\u0119cia wyr\u00f3wnuj\u0105ce wiedz\u0119 i umiej\u0119tno\u015bci z j. polskiego, matematyki, historii, przyrody, j. angielskiego, zaj\u0119cia warsztatowe z psychologiem i pedagogiem, zaj\u0119cia<br>z integracji sensorycznej.<\/li><li><strong>Rozwijania talent\u00f3w i zainteresowa\u0144<\/strong>&nbsp;\u2013 warsztaty plastyczne \u201eFarb\u0105 i p\u0119dzlem\u201d, \u201eBiblioteka- miejsce dla ka\u017cdego\u201d, teatrzyk \u201eKozio\u0142ki\u201d, ch\u00f3rek przedszkolny i szkolny, wiele k\u00f3\u0142 przedmiotowych, gazetka szkolna \u201eTeczka W\u0142adeczka\u201d, gazetka \u201e\u015awietliczek\u201d i blog \u015bwietlicowy, gazetka przedszkolna \u201eSok z \u017burawinki\u201d, zaj\u0119cia w \u201eKuchciku Rondelku\u201d i wiele innych.<\/li><li><strong>Wspomagania procesu dydaktycznego i wychowawczego<\/strong>&nbsp; \u2013 zaj\u0119cia komputerowe<br>i z technologii informacyjnej, kurs kreatywnego pisania, Ko\u0142o M\u0142odych Ekolog\u00f3w,<br>zaj\u0119cia przygotowuj\u0105ce \u00f3smoklasist\u00f3w do egzaminu, zaj\u0119cia programu edukacyjno-terapeutycznego \u201eORTOGRAFFITI\u201d, realizujemy wiele program\u00f3w profilaktycznych.<\/li><li><strong>Stymulowania rozwoju fizycznego<\/strong>&nbsp;\u2013 aerobic dla najm\u0142odszych, gimnastyka korekcyjna, gry<br>i zabawy ruchowe dla grup przedszkolnych, klas I \u2013 III, Klub Ma\u0142ego Pi\u0142karza, nauka p\u0142ywania dla klas 2-3, zaj\u0119cia z tenisa ziemnego i na ergometrze wio\u015blarskim, zaj\u0119cia z siatk\u00f3wki dla starszych uczni\u00f3w, Akademia Koszyk\u00f3wki dla klas1-3.<\/li><\/ol>\n\n\n\n<p><\/p>\n\n\n\n<ol><li><strong>Ponadto oferujemy:<\/strong><\/li><\/ol>\n\n\n\n<ul type=\"1\"><li>Bogat\u0105 gam\u0119 cyklicznych imprez i uroczysto\u015bci:<\/li><li>Wiecz\u00f3r z Wyobra\u017ani\u0105<\/li><li>Wiecz\u00f3r ze Sportem<\/li><li>Noc Naukowc\u00f3w<\/li><li>Festyn \u0141okietkowy<\/li><li>Olimpiada Przedszkolna<\/li><li>Dzie\u0144 Sportu<\/li><li>Dzie\u0144 Bezpiecznego Internetu<\/li><li>Dzie\u0144 ze Zdrowiem<\/li><li>Og\u00f3lnopolski Dzie\u0144 Przedszkolaka<\/li><li>Ekowarsztaty<\/li><li>kiermasze \u015bwi\u0105teczne.<\/li><\/ul>\n\n\n\n<p><\/p>\n\n\n\n<p>2. Zawody sportowe:<\/p>\n\n\n\n<ul><li>Memoria\u0142 J\u00f3zefa Marty\u0142y \u2013 koszyk\u00f3wka<\/li><\/ul>\n\n\n\n<ul><li>zawody mi\u0119dzyszkolne na ergometrze wio\u015blarskim dla klas 1-3 i 4-8<\/li><\/ul>\n\n\n\n<ul><li>Pi\u0105tkowski Turniej Koszyk\u00f3wki Ulicznej<\/li><\/ul>\n\n\n\n<ul><li>Og\u00f3lnopolski Maraton Przedszkolak\u00f3w.<\/li><\/ul>\n\n\n\n<p><\/p>\n\n\n\n<ol type=\"1\" start=\"3\"><li>Wycieczki krajoznawcze z poznawaniem wa\u017cnych miejsc w najbli\u017cszej okolicy, w Polsce<br>i \u015brodowiska naturalnego.<\/li><li>Ferie ze szko\u0142\u0105 \u2013 zaj\u0119cia sportowe dla dzieci w czasie ferii zimowych.<\/li><li>P\u00f3\u0142kolonie letnie pod opiek\u0105 nauczycieli.<\/li><li>Zesp\u00f3\u0142 wsp\u00f3\u0142pracuje z plac\u00f3wkami o\u015bwiatowymi z Francji, Luksemburga i Australii.<\/li><li>Wsp\u00f3\u0142pracujemy z Mi\u0119dzynarodow\u0105 Organizacj\u0105 Wychowania Przedszkolnego OMEP.<\/li><\/ol>\n","protected":false},"excerpt":{"rendered":"<p>Od pierwszego wrze\u015bnia 2012 roku Szko\u0142a Podstawowa nr 35 im. W\u0142adys\u0142awa \u0141okietkai Przedszkole nr 187 Le\u015bny Zak\u0105tek funkcjonuj\u0105 w ramach Zespo\u0142u Szkolno-Przedszkolnego nr 1. Dzi\u0119ki tej formule prowadzi si\u0119 u naszaj\u0119cia integracyjne dla dzieci ze szko\u0142y i przedszkola, dzi\u0119ki kt\u00f3rym nast\u0119puje \u0142agodzenie stresu w pokonywaniu progu szkolnego u dziecka 5 i 6-letniego. Prowadzimy zaj\u0119cia otwarte [&hellip;]<\/p>\n","protected":false},"author":1,"featured_media":0,"parent":0,"menu_order":0,"comment_status":"closed","ping_status":"closed","template":"","meta":{"ngg_post_thumbnail":0,"footnotes":""},"_links":{"self":[{"href":"https:\/\/ple187.poznan.pl\/index.php\/wp-json\/wp\/v2\/pages\/11"}],"collection":[{"href":"https:\/\/ple187.poznan.pl\/index.php\/wp-json\/wp\/v2\/pages"}],"about":[{"href":"https:\/\/ple187.poznan.pl\/index.php\/wp-json\/wp\/v2\/types\/page"}],"author":[{"embeddable":true,"href":"https:\/\/ple187.poznan.pl\/index.php\/wp-json\/wp\/v2\/users\/1"}],"replies":[{"embeddable":true,"href":"https:\/\/ple187.poznan.pl\/index.php\/wp-json\/wp\/v2\/comments?post=11"}],"version-history":[{"count":6,"href":"https:\/\/ple187.poznan.pl\/index.php\/wp-json\/wp\/v2\/pages\/11\/revisions"}],"predecessor-version":[{"id":430,"href":"https:\/\/ple187.poznan.pl\/index.php\/wp-json\/wp\/v2\/pages\/11\/revisions\/430"}],"wp:attachment":[{"href":"https:\/\/ple187.poznan.pl\/index.php\/wp-json\/wp\/v2\/media?parent=11"}],"curies":[{"name":"wp","href":"https:\/\/api.w.org\/{rel}","templated":true}]}}